{"id":2349,"date":"2021-06-22T14:05:53","date_gmt":"2021-06-22T12:05:53","guid":{"rendered":"https:\/\/www.temps-de-vivre.com\/idees-sejours\/"},"modified":"2025-11-14T13:56:13","modified_gmt":"2025-11-14T12:56:13","slug":"vakantie-ideeen","status":"publish","type":"page","link":"https:\/\/www.temps-de-vivre.com\/nl\/vakantie-ideeen\/","title":{"rendered":"Id\u00e9es s\u00e9jours en Dordogne"},"content":{"rendered":"<section id=\"section-60f0424ae739e\"\" class=\"section home-first bg-white\" \/><div class=\"container extralarge\"><h1 class=\"element section-title center color1\">Idee\u00ebn voor een vakantie in de Dordogne<\/h1><div class=\"element bloc-text center \">\n\t<p>Wij bieden vele promoties voor <strong class=\"bold color4\">uw verblijf in onze regio<\/strong>! Profiteer van uw gezinsvakantie in het departement Dordogne om Sarlat-la-Can\u00e9da te bezoeken, een van de mooiste dorpen van Frankrijk, ga wandelen in de Dordogne-vallei en de V\u00e9z\u00e8re-vallei, ga kano\u00ebn op de Dordogne-rivier, bezoek de vele kastelen of de beroemde grot van Lascaux!<\/p>\n<\/div><\/div><\/section>\n\n<section id=\"section-60f0424ae7811\"\" class=\"section home-second bg-color3 p-t-0 p-b-0\" \/><div class=\"container full\"><div class=\"colonnes-wrap valign-middle \"><div class=\"element colonne w-40\"><h2 class=\"element section-title center underline color1\">Wandelen Verblijf<\/h2><div class=\"element bloc-text center \">\n\t<p>Weekend van 3 nachten <strong class=\"bold color4\">vanaf 180 \u20ac<\/strong> in een stacaravan voor 4 personen.<\/p>\n<p>10 en 11 oktober 2026 wandelen bij &#8220;La ronde des villages&#8221;. Het vindt elk jaar plaats en ontvangt meer dan 4000 wandelaars. Tijdens dit speciale evenement kunt u op een georganiseerde manier vele wandelpaden ontdekken. Bij deze gelegenheid worden de ontvangst, de routes en de versnaperingen verzorgd door de <a href=\"https:\/\/www.fenelon-tourisme.com\/\" target=\"_blank\" rel=\"noopener\">Toeristische dienst van het Pays de F\u00e9nelon<\/a>!<\/p>\n<p>Wandelen is een manier om het erfgoed van de P\u00e9rigord Noir te ontdekken. Het kanton Salignac, waar u zich bevindt, biedt niet minder dan 180 km bewegwijzerde paden. Een ervan, met vertrek vanaf de <a href=\"\/nl\/\">camping Dordogne<\/a>, leidt u naar de tuin van het landhuis van Eyrignac, een van de mooiste tuinen van de P\u00e9rigord. Aarzel niet, trek je schoenen aan en kom ons bezoeken!<\/p>\n<\/div><\/div><div class=\"element colonne w-60 p-0\"><div class=\"element images\"><div class=\"image\"><img decoding=\"async\" src=\"https:\/\/www.temps-de-vivre.com\/wp-content\/uploads\/2021\/07\/rando-100x57.jpg\" data-src=\"https:\/\/www.temps-de-vivre.com\/wp-content\/uploads\/2021\/07\/rando.jpg\" alt=\"randonnee dordogne\" class=\"images_image\" \/><\/div><\/div><\/div><\/div><\/div><\/section>\n\n<section id=\"section-60f0424ae7b5b\"\" class=\"section bg-white\" \/><div class=\"container full\"><div class=\"colonnes-wrap valign-middle p-0\"><div class=\"element colonne p-0\"><div class=\"element images\"><div class=\"image\"><img decoding=\"async\" src=\"https:\/\/www.temps-de-vivre.com\/wp-content\/uploads\/2021\/07\/massage-100x75.jpg\" data-src=\"https:\/\/www.temps-de-vivre.com\/wp-content\/uploads\/2021\/07\/massage.jpg\" alt=\"massage dordogne\" class=\"images_image\" \/><\/div><\/div><\/div><div class=\"element colonne p-5\"><h2 class=\"element section-title center color1 underline\">Een week als geen ander in de Dordogne?<\/h2><div class=\"element bloc-text justify \">\n\t<p>Vanaf 339 \u20ac in stacaravan.<\/p>\n<p>1 week in een stacaravan voor 2 personen + 2 massagesessies (van 1 uur), van 04 april tot 27 juni en van 29 augustus tot 12 oktober 2026.<br \/>\nMis de kans niet om ter plaatse, op uw camping in de Dordogne, te genieten van de <strong class=\"bold color4\">ruimte gewijd aan massages<\/strong>. Wij bieden u aan:<\/p>\n<ul>\n<li>Relaxerende en energieke massage<\/li>\n<li>Handmatige gezichtsverheffing<\/li>\n<li>Relaxerende voetreflexologie<\/li>\n<\/ul>\n<p>Kom-<strong class=\"bold color4\">opladen en ontspannen<\/strong> in de rust van onze groene omgeving. U kunt van uw verblijf ook gebruik maken om de Dordogne-vallei te ontdekken, evenals de V\u00e9z\u00e8re-vallei, de bakermat van de mensheid&#8230;<\/p>\n<\/div><\/div><\/div><\/div><\/section>\n\n<section id=\"section-60f0424ae8099\"\" class=\"section bg-white\" \/><div class=\"container extralarge\"><div class=\"element section-title center title-cta\">Onze verschillende diensten en activiteiten<\/div><ul class=\"liste-de-page\"><li class=\"element call-to-action carre call-to-action--style-1 call-to-action--big\"><a href=\"https:\/\/www.temps-de-vivre.com\/nl\/faciliteiten\/\"  class=\"call-to-action_link\" title=\"En savoir plus sur camping diensten\"><div class=\"call-to-action_image\"><img decoding=\"async\" src=\"https:\/\/www.temps-de-vivre.com\/wp-content\/uploads\/2021\/06\/restaurant-dordogne-100x75.jpg\" data-src=\"https:\/\/www.temps-de-vivre.com\/wp-content\/uploads\/2021\/06\/restaurant-dordogne.jpg\" alt=\"restaurant dordogne\" class=\"big\" \/><\/div><div class=\"call-to-action_contenu\"><div class=\"call-to-action_titre\">Camping diensten<\/div><\/div><\/a><\/li><li class=\"element call-to-action carre call-to-action--style-1 call-to-action--big call-to-action--style-1 call-to-action--big\"><a href=\"https:\/\/www.temps-de-vivre.com\/nl\/camping-dordogne-met-zwembad\/\"  class=\"call-to-action_link\" title=\"En savoir plus sur campingplatsens pool\"><div class=\"call-to-action_image\"><img decoding=\"async\" src=\"https:\/\/www.temps-de-vivre.com\/wp-content\/uploads\/2026\/02\/camping-piscine-couverte-dordogne-100x26.jpg\" data-src=\"https:\/\/www.temps-de-vivre.com\/wp-content\/uploads\/2026\/02\/camping-piscine-couverte-dordogne.jpg\" alt=\"camping piscine couverte dordogne\" class=\"big\" \/><\/div><div class=\"call-to-action_contenu\"><div class=\"call-to-action_titre\">Campingplatsens pool<\/div><\/div><\/a><\/li><\/ul><\/div><\/section>","protected":false},"excerpt":{"rendered":"","protected":false},"author":1,"featured_media":5356,"parent":0,"menu_order":0,"comment_status":"closed","ping_status":"closed","template":"","meta":{"_acf_changed":false,"footnotes":""},"class_list":["post-2349","page","type-page","status-publish","has-post-thumbnail","hentry"],"acf":[],"yoast_head":"<!-- This site is optimized with the Yoast SEO plugin v21.8.1 - https:\/\/yoast.com\/wordpress\/plugins\/seo\/ -->\n<title>Verblijf in Dordogne | Pack verblijf in de P\u00e9rigord Noir in Dordogne<\/title>\n<meta name=\"description\" content=\"In de Dordogne, in de P\u00e9rigord Noir, biedt de camping Le Temps de Vivre themavakanties: orchidee\u00ebndagen, de fonteinenwandeling, massagesessies.\" \/>\n<meta name=\"robots\" content=\"index, follow, max-snippet:-1, max-image-preview:large, max-video-preview:-1\" \/>\n<link rel=\"canonical\" href=\"https:\/\/www.temps-de-vivre.com\/nl\/vakantie-ideeen\/\" \/>\n<meta property=\"og:locale\" content=\"nl_NL\" \/>\n<meta property=\"og:type\" content=\"article\" \/>\n<meta property=\"og:title\" content=\"Verblijf in Dordogne | Pack verblijf in de P\u00e9rigord Noir in Dordogne\" \/>\n<meta property=\"og:description\" content=\"In de Dordogne, in de P\u00e9rigord Noir, biedt de camping Le Temps de Vivre themavakanties: orchidee\u00ebndagen, de fonteinenwandeling, massagesessies.\" \/>\n<meta property=\"og:url\" content=\"https:\/\/www.temps-de-vivre.com\/nl\/vakantie-ideeen\/\" \/>\n<meta property=\"og:site_name\" content=\"Camping Le Temps de Vivre\" \/>\n<meta property=\"article:modified_time\" content=\"2025-11-14T12:56:13+00:00\" \/>\n<meta property=\"og:image\" content=\"https:\/\/www.temps-de-vivre.com\/wp-content\/uploads\/2025\/07\/Dordogne-et-ses-voies-vertes.jpg\" \/>\n\t<meta property=\"og:image:width\" content=\"1280\" \/>\n\t<meta property=\"og:image:height\" content=\"853\" \/>\n\t<meta property=\"og:image:type\" content=\"image\/jpeg\" \/>\n<meta name=\"twitter:card\" content=\"summary_large_image\" \/>\n<meta name=\"twitter:label1\" content=\"Geschatte leestijd\" \/>\n\t<meta name=\"twitter:data1\" content=\"1 minuut\" \/>\n<script type=\"application\/ld+json\" class=\"yoast-schema-graph\">{\"@context\":\"https:\/\/schema.org\",\"@graph\":[{\"@type\":\"WebPage\",\"@id\":\"https:\/\/www.temps-de-vivre.com\/nl\/vakantie-ideeen\/\",\"url\":\"https:\/\/www.temps-de-vivre.com\/nl\/vakantie-ideeen\/\",\"name\":\"Verblijf in Dordogne | Pack verblijf in de P\u00e9rigord Noir in Dordogne\",\"isPartOf\":{\"@id\":\"https:\/\/www.temps-de-vivre.com\/nl\/#website\"},\"datePublished\":\"2021-06-22T12:05:53+00:00\",\"dateModified\":\"2025-11-14T12:56:13+00:00\",\"description\":\"In de Dordogne, in de P\u00e9rigord Noir, biedt de camping Le Temps de Vivre themavakanties: orchidee\u00ebndagen, de fonteinenwandeling, massagesessies.\",\"breadcrumb\":{\"@id\":\"https:\/\/www.temps-de-vivre.com\/nl\/vakantie-ideeen\/#breadcrumb\"},\"inLanguage\":\"nl-NL\",\"potentialAction\":[{\"@type\":\"ReadAction\",\"target\":[\"https:\/\/www.temps-de-vivre.com\/nl\/vakantie-ideeen\/\"]}]},{\"@type\":\"BreadcrumbList\",\"@id\":\"https:\/\/www.temps-de-vivre.com\/nl\/vakantie-ideeen\/#breadcrumb\",\"itemListElement\":[{\"@type\":\"ListItem\",\"position\":1,\"name\":\"Camping P\u00e9rigord Noir\",\"item\":\"https:\/\/www.temps-de-vivre.com\/nl\/\"},{\"@type\":\"ListItem\",\"position\":2,\"name\":\"Verblijf Dordogne\"}]},{\"@type\":\"WebSite\",\"@id\":\"https:\/\/www.temps-de-vivre.com\/nl\/#website\",\"url\":\"https:\/\/www.temps-de-vivre.com\/nl\/\",\"name\":\"Camping Le Temps de Vivre\",\"description\":\"\",\"publisher\":{\"@id\":\"https:\/\/www.temps-de-vivre.com\/nl\/#organization\"},\"potentialAction\":[{\"@type\":\"SearchAction\",\"target\":{\"@type\":\"EntryPoint\",\"urlTemplate\":\"https:\/\/www.temps-de-vivre.com\/nl\/?s={search_term_string}\"},\"query-input\":\"required name=search_term_string\"}],\"inLanguage\":\"nl-NL\"},{\"@type\":\"Organization\",\"@id\":\"https:\/\/www.temps-de-vivre.com\/nl\/#organization\",\"name\":\"Camping Le Temps de Vivre\",\"url\":\"https:\/\/www.temps-de-vivre.com\/nl\/\",\"logo\":{\"@type\":\"ImageObject\",\"inLanguage\":\"nl-NL\",\"@id\":\"https:\/\/www.temps-de-vivre.com\/nl\/#\/schema\/logo\/image\/\",\"url\":\"https:\/\/www.temps-de-vivre.com\/wp-content\/uploads\/2021\/09\/camping-sarlat-dordogne-2.png\",\"contentUrl\":\"https:\/\/www.temps-de-vivre.com\/wp-content\/uploads\/2021\/09\/camping-sarlat-dordogne-2.png\",\"width\":1500,\"height\":800,\"caption\":\"Camping Le Temps de Vivre\"},\"image\":{\"@id\":\"https:\/\/www.temps-de-vivre.com\/nl\/#\/schema\/logo\/image\/\"}}]}<\/script>\n<!-- \/ Yoast SEO plugin. -->","yoast_head_json":{"title":"Verblijf in Dordogne | Pack verblijf in de P\u00e9rigord Noir in Dordogne","description":"In de Dordogne, in de P\u00e9rigord Noir, biedt de camping Le Temps de Vivre themavakanties: orchidee\u00ebndagen, de fonteinenwandeling, massagesessies.","robots":{"index":"index","follow":"follow","max-snippet":"max-snippet:-1","max-image-preview":"max-image-preview:large","max-video-preview":"max-video-preview:-1"},"canonical":"https:\/\/www.temps-de-vivre.com\/nl\/vakantie-ideeen\/","og_locale":"nl_NL","og_type":"article","og_title":"Verblijf in Dordogne | Pack verblijf in de P\u00e9rigord Noir in Dordogne","og_description":"In de Dordogne, in de P\u00e9rigord Noir, biedt de camping Le Temps de Vivre themavakanties: orchidee\u00ebndagen, de fonteinenwandeling, massagesessies.","og_url":"https:\/\/www.temps-de-vivre.com\/nl\/vakantie-ideeen\/","og_site_name":"Camping Le Temps de Vivre","article_modified_time":"2025-11-14T12:56:13+00:00","og_image":[{"width":1280,"height":853,"url":"https:\/\/www.temps-de-vivre.com\/wp-content\/uploads\/2025\/07\/Dordogne-et-ses-voies-vertes.jpg","type":"image\/jpeg"}],"twitter_card":"summary_large_image","twitter_misc":{"Geschatte leestijd":"1 minuut"},"schema":{"@context":"https:\/\/schema.org","@graph":[{"@type":"WebPage","@id":"https:\/\/www.temps-de-vivre.com\/nl\/vakantie-ideeen\/","url":"https:\/\/www.temps-de-vivre.com\/nl\/vakantie-ideeen\/","name":"Verblijf in Dordogne | Pack verblijf in de P\u00e9rigord Noir in Dordogne","isPartOf":{"@id":"https:\/\/www.temps-de-vivre.com\/nl\/#website"},"datePublished":"2021-06-22T12:05:53+00:00","dateModified":"2025-11-14T12:56:13+00:00","description":"In de Dordogne, in de P\u00e9rigord Noir, biedt de camping Le Temps de Vivre themavakanties: orchidee\u00ebndagen, de fonteinenwandeling, massagesessies.","breadcrumb":{"@id":"https:\/\/www.temps-de-vivre.com\/nl\/vakantie-ideeen\/#breadcrumb"},"inLanguage":"nl-NL","potentialAction":[{"@type":"ReadAction","target":["https:\/\/www.temps-de-vivre.com\/nl\/vakantie-ideeen\/"]}]},{"@type":"BreadcrumbList","@id":"https:\/\/www.temps-de-vivre.com\/nl\/vakantie-ideeen\/#breadcrumb","itemListElement":[{"@type":"ListItem","position":1,"name":"Camping P\u00e9rigord Noir","item":"https:\/\/www.temps-de-vivre.com\/nl\/"},{"@type":"ListItem","position":2,"name":"Verblijf Dordogne"}]},{"@type":"WebSite","@id":"https:\/\/www.temps-de-vivre.com\/nl\/#website","url":"https:\/\/www.temps-de-vivre.com\/nl\/","name":"Camping Le Temps de Vivre","description":"","publisher":{"@id":"https:\/\/www.temps-de-vivre.com\/nl\/#organization"},"potentialAction":[{"@type":"SearchAction","target":{"@type":"EntryPoint","urlTemplate":"https:\/\/www.temps-de-vivre.com\/nl\/?s={search_term_string}"},"query-input":"required name=search_term_string"}],"inLanguage":"nl-NL"},{"@type":"Organization","@id":"https:\/\/www.temps-de-vivre.com\/nl\/#organization","name":"Camping Le Temps de Vivre","url":"https:\/\/www.temps-de-vivre.com\/nl\/","logo":{"@type":"ImageObject","inLanguage":"nl-NL","@id":"https:\/\/www.temps-de-vivre.com\/nl\/#\/schema\/logo\/image\/","url":"https:\/\/www.temps-de-vivre.com\/wp-content\/uploads\/2021\/09\/camping-sarlat-dordogne-2.png","contentUrl":"https:\/\/www.temps-de-vivre.com\/wp-content\/uploads\/2021\/09\/camping-sarlat-dordogne-2.png","width":1500,"height":800,"caption":"Camping Le Temps de Vivre"},"image":{"@id":"https:\/\/www.temps-de-vivre.com\/nl\/#\/schema\/logo\/image\/"}}]}},"_links":{"self":[{"href":"https:\/\/www.temps-de-vivre.com\/nl\/wp-json\/wp\/v2\/pages\/2349","targetHints":{"allow":["GET"]}}],"collection":[{"href":"https:\/\/www.temps-de-vivre.com\/nl\/wp-json\/wp\/v2\/pages"}],"about":[{"href":"https:\/\/www.temps-de-vivre.com\/nl\/wp-json\/wp\/v2\/types\/page"}],"author":[{"embeddable":true,"href":"https:\/\/www.temps-de-vivre.com\/nl\/wp-json\/wp\/v2\/users\/1"}],"replies":[{"embeddable":true,"href":"https:\/\/www.temps-de-vivre.com\/nl\/wp-json\/wp\/v2\/comments?post=2349"}],"version-history":[{"count":21,"href":"https:\/\/www.temps-de-vivre.com\/nl\/wp-json\/wp\/v2\/pages\/2349\/revisions"}],"predecessor-version":[{"id":5543,"href":"https:\/\/www.temps-de-vivre.com\/nl\/wp-json\/wp\/v2\/pages\/2349\/revisions\/5543"}],"wp:featuredmedia":[{"embeddable":true,"href":"https:\/\/www.temps-de-vivre.com\/nl\/wp-json\/wp\/v2\/media\/5356"}],"wp:attachment":[{"href":"https:\/\/www.temps-de-vivre.com\/nl\/wp-json\/wp\/v2\/media?parent=2349"}],"curies":[{"name":"wp","href":"https:\/\/api.w.org\/{rel}","templated":true}]}}